{"id":6552,"date":"2022-08-02T14:19:21","date_gmt":"2022-08-02T12:19:21","guid":{"rendered":"https:\/\/extended.alpenbrevet.ch\/?page_id=6552"},"modified":"2026-04-27T10:55:43","modified_gmt":"2026-04-27T08:55:43","slug":"page-daccueil","status":"publish","type":"page","link":"https:\/\/extended.alpenbrevet.ch\/fr\/","title":{"rendered":"Page d&#8217;accueil"},"content":{"rendered":"<div class=\"hero-section hero-is-video hero-align-end hero-size-default\"\n>\n\t<div class=\"hero-media\">\n\t\t\t<video class=\"hero-video\" src=\"https:\/\/extended.alpenbrevet.ch\/wp-content\/uploads\/Website-2.mp4\" muted autoplay loop><\/video>\n\t\t<div class=\"hero-media-overlay\"><\/div>\n\t\t<div class=\"hero-content-wrapper\">\n\t\t\t<div class=\"hero-content\">\n\t\t\t\t<h2>Alpenbrevet Extended<\/h2>\n\n\n<div class=\"buttons\">\n\t<div class=\"button-group\">\n\n\t\t\t<a\n\t\t\t\thref=\"https:\/\/laceup.io\/tour\/alpenbrevet-2026\/login\" target=\"_blank\" rel=\"noopener\" class=\"button style-default with-arrow\"\n\t\t\t>\n\t\t\t\tInscription\n\t\t\t<\/a>\n\n\t\t\t<a\n\t\t\t\thref=\"https:\/\/extended.alpenbrevet.ch\/fr\/liste-des-participants\/\" class=\"button style-text with-arrow\"\n\t\t\t>\n\t\t\t\tListe de d\u00e9part 2026\n\t\t\t<\/a>\n\t<\/div>\n<\/div>\n\t\t\t<\/div>\n\t\t<\/div>\n\t<\/div>\n<\/div><div  class=\"page-section style-default layout-default align-default\">\n\t<div class=\"section-grid grid-layout container\"><div  style=\"--grid-layout-index: 1; --col-xs: 12; --col-sm: 12; --col-md: 12; --col-lg: 12; --col-xl: 12\" class=\"section-item layout-default layout-margin-default\" data-css-locator=\"f6fc8b49-bfa8-477b-9871-0d52c52608e2\"><h2>En route vers la l\u00e9gende<\/h2>\n<h4>Les inscriptions sont ouvertes d\u00e8s maintenant. Les cols alpins pourront \u00eatre parcourus \u00e0 partir du 1er mai, sous r\u00e9serve qu&#8217;ils soient ouverts.<\/h4>\n<p>Entre mai et octobre, le d\u00e9fi ultime t\u2019attend : conquiers jusqu\u2019\u00e0 sept cols alpins l\u00e9gendaires autour d\u2019Andermatt, en solo ou entre amis.<\/p>\n<p><strong>Nouveau en 2026 : deux badges bonus exclusifs pour le Klausenpass et le Bergrestaurant Cungieri !<\/strong><\/p>\n\n<style>\nimg.wpce-image[src*=\"cungieri.svg\"],\nimg.wpce-image[src*=\"Klausenpass.svg\"] {\n  width: 100px !important;\n  height: 100px !important;\n}\n<\/style>\n\n\t\t<img loading=\"lazy\" decoding=\"async\" width=\"150\" height=\"150\" src=\"https:\/\/extended.alpenbrevet.ch\/wp-content\/uploads\/cungieri.svg\" class=\"wpce-image\" alt=\"\" data-css-locator=\"\" \/>\n\n\n\t\t<img loading=\"lazy\" decoding=\"async\" width=\"150\" height=\"150\" src=\"https:\/\/extended.alpenbrevet.ch\/wp-content\/uploads\/Klausenpass.svg\" class=\"wpce-image\" alt=\"\" data-css-locator=\"\" \/>\n\n<p>Inscris toi en ligne avec Strava ou Garmin, d\u00e9couvre des itin\u00e9raires \u00e0 couper le souffle et collecte un badge num\u00e9rique pour chaque col conquis. Plus tu gravis de cols, plus les r\u00e9compenses deviennent int\u00e9ressantes, avec notamment la chance de gagner une nuit au The Chedi Andermatt.<\/p>\n<p>Pr\u00e9pare toi \u00e0 devenir une l\u00e9gende de l\u2019Alpenbrevet cette saison !<\/p>\n\n\n<div class=\"buttons\">\n\t<div class=\"button-group\">\n\n\t\t\t<a\n\t\t\t\thref=\"https:\/\/extended.alpenbrevet.ch\/faqs\/\" class=\"button style-text with-arrow\"\n\t\t\t>\n\t\t\t\tComment \u00e7a marche\n\t\t\t<\/a>\n\n\t\t\t<a\n\t\t\t\thref=\"https:\/\/extended.alpenbrevet.ch\/fr\/ranking-2026\/\" class=\"button style-text with-arrow\"\n\t\t\t>\n\t\t\t\tRanking 2026\n\t\t\t<\/a>\n\t<\/div>\n<\/div>\n\n\t\t<img loading=\"lazy\" decoding=\"async\" width=\"1024\" height=\"238\" src=\"https:\/\/extended.alpenbrevet.ch\/wp-content\/uploads\/Register-FR.svg\" class=\"wpce-image\" alt=\"Register FR\" data-css-locator=\"0391b28a-d8c2-4255-9dee-4e44742c44ed\" \/>\n\n\n<\/div><\/div>\n<\/div><div  id=\"checkin-section\" class=\"page-section style-default layout-default align-default\" data-css-locator=\"bfa06aee-c0a2-4b61-8c51-dc2dbeb6afb3\">\n\t<div class=\"section-grid grid-layout container\"><div  style=\"--grid-layout-index: 1; --col-xs: 12; --col-sm: 12; --col-md: 12; --col-lg: 12; --col-xl: 12\" class=\"section-item layout-default layout-margin-none\">\n\n<div class=\"box-wrapper\">\n\t<div class=\"box content-box with-color\" style=\"--box-custom-background: #e8f4f9; --box-custom-foreground: #000000\"\n\t>\n\t\t<div class=\"box-inner\">\n<div  id=\"checkin-header\" class=\"page-section style-default layout-default align-default\">\n\t<div class=\"section-grid grid-layout full\"><div  style=\"--grid-layout-index: 1; --col-xs: 2; --col-sm: 2; --col-md: 1; --col-lg: 1; --col-xl: 1\" class=\"section-item layout-default layout-margin-none\">\n\t\t<img loading=\"lazy\" decoding=\"async\" width=\"768\" height=\"1290\" src=\"https:\/\/extended.alpenbrevet.ch\/wp-content\/uploads\/Marker-Icon-Extended.svg\" class=\"wpce-image\" alt=\"\" data-css-locator=\"\" \/>\n<\/div><div  style=\"--grid-layout-index: 2; --col-xs: 10; --col-sm: 10; --col-md: 11; --col-lg: 11; --col-xl: 11\" class=\"section-item layout-default layout-margin-none\"><h2>PAS D&#8217;APPLICATION SPORTIVE ?<br \/>\nUtilise CHECK-IN : SUR PLACE<\/h2>\n<\/div><\/div>\n<\/div>\n\n\n<div class=\"box-wrapper\">\n\t<div class=\"box content-box with-color\" style=\"--box-custom-background: #ffffff; --box-custom-foreground: #000000\"\n\t>\n\t\t<div class=\"box-inner\">\n<div  id=\"checkin-white\" class=\"page-section style-default layout-default align-default\">\n\t<div class=\"section-grid grid-layout full\"><div  style=\"--grid-layout-index: 1; --col-xs: 12; --col-sm: 12; --col-md: 3; --col-lg: 3; --col-xl: 3\" class=\"section-item layout-default layout-margin-none\"><div class=\"ud-step-header\">\n<p><span class=\"ud-step-number\">1<\/span><\/p>\n<h3>Visiter le<br \/>\ncol<\/h3>\n<\/div>\n<p>Rends-toi \u00e0 un col officiel sur place.<\/p>\n<\/div><div  style=\"--grid-layout-index: 2; --col-xs: 12; --col-sm: 12; --col-md: 1; --col-lg: 1; --col-xl: 1\" class=\"section-item layout-default layout-margin-none\">\n\t\t\n<\/div><div  style=\"--grid-layout-index: 3; --col-xs: 12; --col-sm: 12; --col-md: 3; --col-lg: 3; --col-xl: 3\" class=\"section-item layout-default layout-margin-none\"><div class=\"ud-step-header\">\n<p><span class=\"ud-step-number\">2<\/span><\/p>\n<h3>Check-in<br \/>\nsur place<\/h3>\n<\/div>\n<p>Ouvre le Check-In sur ton smartphone au col.<\/p>\n<\/div><div  style=\"--grid-layout-index: 4; --col-xs: 12; --col-sm: 12; --col-md: 1; --col-lg: 1; --col-xl: 1\" class=\"section-item layout-default layout-margin-none\">\n\t\t\n<\/div><div  style=\"--grid-layout-index: 5; --col-xs: 12; --col-sm: 12; --col-md: 4; --col-lg: 4; --col-xl: 4\" class=\"section-item layout-default layout-margin-none\"><div class=\"ud-step-header\">\n<p><span class=\"ud-step-number\">3<\/span><\/p>\n<h3>Collecter<\/h3>\n<\/div>\n<p>Confirme ta position et collecte le col.<\/p>\n<\/div><\/div>\n<\/div>\n<div  id=\"checkin-bottom\" class=\"page-section style-default layout-default align-default\">\n\t<div class=\"section-grid grid-layout full\"><div  style=\"--grid-layout-index: 1; --col-xs: 12; --col-sm: 12; --col-md: 4; --col-lg: 4; --col-xl: 4\" class=\"section-item layout-default layout-margin-none\">\n<div class=\"buttons\">\n\t<div class=\"button-group\">\n\n\t\t\t<a\n\t\t\t\thref=\"https:\/\/laceup.io\/tour\/tds-explorer-2026\/check-in\" target=\"_blank\" rel=\"noopener\" class=\"button style-default with-arrow\"\n\t\t\t>\n\t\t\t\tCHECK-IN\n\t\t\t<\/a>\n\t<\/div>\n<\/div><\/div><div  style=\"--grid-layout-index: 2; --col-xs: 12; --col-sm: 12; --col-md: 8; --col-lg: 8; --col-xl: 8\" class=\"section-item layout-default layout-margin-none\"><p>Si tu t&#8217;es inscrit sans application sportive, comme Strava ou Garmin, tu peux v\u00e9rifier ta position \u00e0 l&#8217;aide du bouton ci-dessous. Pour cela, ouvre la page li\u00e9e au col correspondant et v\u00e9rifie ta position. Tu dois autoriser l&#8217;acc\u00e8s \u00e0 ta localisation.<\/p>\n<\/div><\/div>\n<\/div>\t\t<\/div>\n\t<\/div>\n<\/div>\n\t\t<\/div>\n\t<\/div>\n<\/div>\n<\/div><\/div>\n<\/div>\n<div class=\"background style-light\">\n<div  id class=\"page-section style-default layout-default align-default\">\n\t<div class=\"section-grid grid-layout container\"><div  style=\"--grid-layout-index: 1; --col-xs: 12; --col-sm: 12; --col-md: 3; --col-lg: 3; --col-xl: 3\" class=\"section-item layout-default layout-margin-default\"><h2>R\u00c9COMPENSES<\/h2>\n<p>Chaque col franchi te rapproche un peu plus de l&#8217;Alpenbrevet Legend. En chemin, tu peux d\u00e9j\u00e0 remporter des prix et des cadeaux attrayants apr\u00e8s avoir franchi 3 et 5 cols.<\/p>\n<p>Connecte-toi \u00e0 ton compte Garmin ou Strava et c&#8217;est parti !<\/p>\n\n\n<div class=\"buttons\">\n\t<div class=\"button-group\">\n\n\t\t\t<a\n\t\t\t\thref=\"https:\/\/extended.alpenbrevet.ch\/rewards\/\" class=\"button style-default with-arrow\"\n\t\t\t>\n\t\t\t\tEn savoir plus\n\t\t\t<\/a>\n\t<\/div>\n<\/div><\/div><div  style=\"--grid-layout-index: 2; --col-xs: 12; --col-sm: 12; --col-md: 9; --col-lg: 9; --col-xl: 9\" class=\"section-item layout-default layout-margin-default\">\n\t\t<img loading=\"lazy\" decoding=\"async\" width=\"1024\" height=\"495\" src=\"https:\/\/extended.alpenbrevet.ch\/wp-content\/uploads\/Rewards-FR-26-v2-1.svg\" class=\"wpce-image\" alt=\"\" data-css-locator=\"\" \/>\n<\/div><\/div>\n<\/div><\/div><div  id class=\"page-section style-default layout-default align-default\" data-css-locator=\"fe5a9a35-c066-463e-bc20-26bd8d7822da\">\n\t<div class=\"section-grid grid-layout container\"><div  style=\"--grid-layout-index: 1; --col-xs: 12; --col-sm: 12; --col-md: 12; --col-lg: 12; --col-xl: 12\" class=\"section-item layout-default layout-margin-default\"><h2>CARTE<\/h2>\n<p>Les emplacements des badges sont donn\u00e9s \u00e0 titre indicatif. Pour tous les cols, il suffit de s&#8217;approcher du col (dans un rayon d&#8217;environ 100 m) pour que le col\/point de contr\u00f4le soit marqu\u00e9 comme termin\u00e9. La seule chose importante est que cela soit enregistr\u00e9 par ton tracker d&#8217;activit\u00e9.<\/p>\n\n<!--START INTEGRATION-->\n<script src=\"https:\/\/trackmaxx.ch\/maps\/loadjs.ashx\"><\/script>\n<div id=\"map\" style=\"width:100%;height:100%;height:500px; margin-bottom: 20px;\"><\/div>\n<script>\n     var m = new map();\n     m.mapoid = \"5d143b48-ad9d-4213-a94d-6aaeb44686e9\";\n     m.style = \"swisstopo\";\n     m.legend = \"none\";\n     m.elevationprofile = \"none\";\n     m.init();\n<\/script>\n<!--ENDE INTEGRATION--><\/div><\/div>\n<\/div>\n\n\n\n\n\n\n\n\n\n\n\n\n\n\n\n\n\n\n\n\n\n\n\n\n\n\n\n\n<div class=\"page-section layout-default style-default stage-swiper\">\n\t<div class=\"wpce-swiper vanilla-swiper not-initialized\" data-swiper-id=\"swiper-dc29e77f-541a-4e55-9897-c8c34679591d\">\n\t\t<div class=\"swiper-header\">\n\t\t\t<div>\n\t\t\t\t\t<h2 class=\"swiper-headline\">Nos cols<\/h2>\n\t\t\t<\/div>\n\t\t\t<div class=\"button-wrapper\">\n\t\t\t\t\t<a href=\"https:\/\/extended.alpenbrevet.ch\/fr\/nos-cols\/\" class=\"swiper-show-all button style-text with-arrow\">Voir toutes les cols<\/a>\n\t\t\t\t<button type=\"button\" class=\"custom-button custom-button-prev icon-button\">\n\t\t\t\t\t<svg aria-hidden=\"true\" focusable=\"false\" width=\"6\" height=\"10\" viewBox=\"0 0 6 10\" xmlns=\"http:\/\/www.w3.org\/2000\/svg\"><path d=\"M4.667 10 6 8.571 2.667 5 6 1.429 4.667 0 0 5z\" fill=\"currentColor\" fill-rule=\"evenodd\"><\/path><\/svg>\n\t\t\t\t\t<span class=\"sr-only\">Pr\u00e9c\u00e9dent<\/span>\n\t\t\t\t<\/button>\n\t\t\t\t<button type=\"button\" class=\"custom-button custom-button-next icon-button\">\n\t\t\t\t\t<svg aria-hidden=\"true\" focusable=\"false\" width=\"6\" height=\"10\" viewBox=\"0 0 6 10\" xmlns=\"http:\/\/www.w3.org\/2000\/svg\"><path d=\"M1.333 10 0 8.571 3.333 5 0 1.429 1.333 0 6 5z\" fill=\"currentColor\" fill-rule=\"evenodd\"><\/path><\/svg>\n\t\t\t\t\t<span class=\"sr-only\">Suivant<\/span>\n\t\t\t\t<\/button>\n\t\t\t<\/div>\n\t\t<\/div>\n\t\t<div class=\"swiper\" id=\"swiper-dc29e77f-541a-4e55-9897-c8c34679591d\">\n\t\t\t<div class=\"swiper-wrapper\">\n\t\t\t\t\t<div class=\"swiper-slide\">\n\n<a class=\"reveal-box mobile-always-hover\" href=\"https:\/\/extended.alpenbrevet.ch\/fr\/stage\/oberalp\/\"\n>\n\n\t<div class=\"reveal-box-top\">\n\t\t\t\t<div class=\"stage-top\">\n\t\t\t\t<\/div>\n\t<\/div>\n\n\t<div class=\"reveal-box-title\">\n\t\t\t<div class=\"h4\">\n<div class=\"stage-title\">\n\n\t\tOberalp (2046m+)\n<\/div>\t\t\t<\/div>\n\t<\/div>\n\t<div class=\"reveal-box-subtitle button style-text with-arrow\">\nVoir le col\t<\/div>\n<\/a>\t\t\t\t\t<\/div>\n\t\t\t\t\t<div class=\"swiper-slide\">\n\n<a class=\"reveal-box mobile-always-hover\" href=\"https:\/\/extended.alpenbrevet.ch\/fr\/stage\/saint-gothard\/\"\n>\n<img loading=\"lazy\" decoding=\"async\" width=\"432\" height=\"450\" src=\"https:\/\/extended.alpenbrevet.ch\/wp-content\/uploads\/3-432x450.jpg\" class=\"attachment-stage-swiper size-stage-swiper wp-post-image\" alt=\"\" srcset=\"https:\/\/extended.alpenbrevet.ch\/wp-content\/uploads\/3-432x450.jpg 432w, https:\/\/extended.alpenbrevet.ch\/wp-content\/uploads\/3-864x900.jpg 864w\" sizes=\"auto, (max-width: 432px) 100vw, 432px\" \/>\n\t<div class=\"reveal-box-top\">\n\t\t\t\t<div class=\"stage-top\">\n\t\t\t\t<\/div>\n\t<\/div>\n\n\t<div class=\"reveal-box-title\">\n\t\t\t<div class=\"h4\">\n<div class=\"stage-title\">\n\n\t\tSaint-Gothard (2091m+)\n<\/div>\t\t\t<\/div>\n\t<\/div>\n\t<div class=\"reveal-box-subtitle button style-text with-arrow\">\nVoir le col\t<\/div>\n<\/a>\t\t\t\t\t<\/div>\n\t\t\t\t\t<div class=\"swiper-slide\">\n\n<a class=\"reveal-box mobile-always-hover\" href=\"https:\/\/extended.alpenbrevet.ch\/fr\/stage\/furka\/\"\n>\n<img loading=\"lazy\" decoding=\"async\" width=\"432\" height=\"450\" src=\"https:\/\/extended.alpenbrevet.ch\/wp-content\/uploads\/5-432x450.jpg\" class=\"attachment-stage-swiper size-stage-swiper wp-post-image\" alt=\"\" srcset=\"https:\/\/extended.alpenbrevet.ch\/wp-content\/uploads\/5-432x450.jpg 432w, https:\/\/extended.alpenbrevet.ch\/wp-content\/uploads\/5-864x900.jpg 864w\" sizes=\"auto, (max-width: 432px) 100vw, 432px\" \/>\n\t<div class=\"reveal-box-top\">\n\t\t\t\t<div class=\"stage-top\">\n\t\t\t\t<\/div>\n\t<\/div>\n\n\t<div class=\"reveal-box-title\">\n\t\t\t<div class=\"h4\">\n<div class=\"stage-title\">\n\n\t\tFurka (2436m+)\n<\/div>\t\t\t<\/div>\n\t<\/div>\n\t<div class=\"reveal-box-subtitle button style-text with-arrow\">\nVoir le col\t<\/div>\n<\/a>\t\t\t\t\t<\/div>\n\t\t\t\t\t<div class=\"swiper-slide\">\n\n<a class=\"reveal-box mobile-always-hover\" href=\"https:\/\/extended.alpenbrevet.ch\/fr\/stage\/susten\/\"\n>\n<img loading=\"lazy\" decoding=\"async\" width=\"432\" height=\"450\" src=\"https:\/\/extended.alpenbrevet.ch\/wp-content\/uploads\/2-432x450.jpg\" class=\"attachment-stage-swiper size-stage-swiper wp-post-image\" alt=\"\" srcset=\"https:\/\/extended.alpenbrevet.ch\/wp-content\/uploads\/2-432x450.jpg 432w, https:\/\/extended.alpenbrevet.ch\/wp-content\/uploads\/2-864x900.jpg 864w\" sizes=\"auto, (max-width: 432px) 100vw, 432px\" \/>\n\t<div class=\"reveal-box-top\">\n\t\t\t\t<div class=\"stage-top\">\n\t\t\t\t<\/div>\n\t<\/div>\n\n\t<div class=\"reveal-box-title\">\n\t\t\t<div class=\"h4\">\n<div class=\"stage-title\">\n\n\t\tSusten (2224m+)\n<\/div>\t\t\t<\/div>\n\t<\/div>\n\t<div class=\"reveal-box-subtitle button style-text with-arrow\">\nVoir le col\t<\/div>\n<\/a>\t\t\t\t\t<\/div>\n\t\t\t\t\t<div class=\"swiper-slide\">\n\n<a class=\"reveal-box mobile-always-hover\" href=\"https:\/\/extended.alpenbrevet.ch\/fr\/stage\/nufenen\/\"\n>\n<img loading=\"lazy\" decoding=\"async\" width=\"432\" height=\"450\" src=\"https:\/\/extended.alpenbrevet.ch\/wp-content\/uploads\/4-432x450.jpg\" class=\"attachment-stage-swiper size-stage-swiper wp-post-image\" alt=\"\" srcset=\"https:\/\/extended.alpenbrevet.ch\/wp-content\/uploads\/4-432x450.jpg 432w, https:\/\/extended.alpenbrevet.ch\/wp-content\/uploads\/4-864x900.jpg 864w\" sizes=\"auto, (max-width: 432px) 100vw, 432px\" \/>\n\t<div class=\"reveal-box-top\">\n\t\t\t\t<div class=\"stage-top\">\n\t\t\t\t<\/div>\n\t<\/div>\n\n\t<div class=\"reveal-box-title\">\n\t\t\t<div class=\"h4\">\n<div class=\"stage-title\">\n\n\t\tNufenen (2478m+)\n<\/div>\t\t\t<\/div>\n\t<\/div>\n\t<div class=\"reveal-box-subtitle button style-text with-arrow\">\nVoir le col\t<\/div>\n<\/a>\t\t\t\t\t<\/div>\n\t\t\t\t\t<div class=\"swiper-slide\">\n\n<a class=\"reveal-box mobile-always-hover\" href=\"https:\/\/extended.alpenbrevet.ch\/fr\/stage\/grimsel\/\"\n>\n<img loading=\"lazy\" decoding=\"async\" width=\"432\" height=\"450\" src=\"https:\/\/extended.alpenbrevet.ch\/wp-content\/uploads\/6-432x450.jpg\" class=\"attachment-stage-swiper size-stage-swiper wp-post-image\" alt=\"\" srcset=\"https:\/\/extended.alpenbrevet.ch\/wp-content\/uploads\/6-432x450.jpg 432w, https:\/\/extended.alpenbrevet.ch\/wp-content\/uploads\/6-864x900.jpg 864w\" sizes=\"auto, (max-width: 432px) 100vw, 432px\" \/>\n\t<div class=\"reveal-box-top\">\n\t\t\t\t<div class=\"stage-top\">\n\t\t\t\t<\/div>\n\t<\/div>\n\n\t<div class=\"reveal-box-title\">\n\t\t\t<div class=\"h4\">\n<div class=\"stage-title\">\n\n\t\tGrimsel (2165m+)\n<\/div>\t\t\t<\/div>\n\t<\/div>\n\t<div class=\"reveal-box-subtitle button style-text with-arrow\">\nVoir le col\t<\/div>\n<\/a>\t\t\t\t\t<\/div>\n\t\t\t\t\t<div class=\"swiper-slide\">\n\n<a class=\"reveal-box mobile-always-hover\" href=\"https:\/\/extended.alpenbrevet.ch\/fr\/stage\/lukmanier\/\"\n>\n<img loading=\"lazy\" decoding=\"async\" width=\"432\" height=\"450\" src=\"https:\/\/extended.alpenbrevet.ch\/wp-content\/uploads\/7-432x450.jpg\" class=\"attachment-stage-swiper size-stage-swiper wp-post-image\" alt=\"\" srcset=\"https:\/\/extended.alpenbrevet.ch\/wp-content\/uploads\/7-432x450.jpg 432w, https:\/\/extended.alpenbrevet.ch\/wp-content\/uploads\/7-864x900.jpg 864w\" sizes=\"auto, (max-width: 432px) 100vw, 432px\" \/>\n\t<div class=\"reveal-box-top\">\n\t\t\t\t<div class=\"stage-top\">\n\t\t\t\t<\/div>\n\t<\/div>\n\n\t<div class=\"reveal-box-title\">\n\t\t\t<div class=\"h4\">\n<div class=\"stage-title\">\n\n\t\tLukmanier (1972m+)\n<\/div>\t\t\t<\/div>\n\t<\/div>\n\t<div class=\"reveal-box-subtitle button style-text with-arrow\">\nVoir le col\t<\/div>\n<\/a>\t\t\t\t\t<\/div>\n\t\t\t\t\t<div class=\"swiper-slide\">\n\n<a class=\"reveal-box mobile-always-hover\" href=\"https:\/\/extended.alpenbrevet.ch\/fr\/stage\/cungieri\/\"\n>\n<img loading=\"lazy\" decoding=\"async\" width=\"432\" height=\"450\" src=\"https:\/\/extended.alpenbrevet.ch\/wp-content\/uploads\/slider96-432x450.jpg\" class=\"attachment-stage-swiper size-stage-swiper wp-post-image\" alt=\"Bergrestaurant Cungieri\" srcset=\"https:\/\/extended.alpenbrevet.ch\/wp-content\/uploads\/slider96-432x450.jpg 432w, https:\/\/extended.alpenbrevet.ch\/wp-content\/uploads\/slider96-864x900.jpg 864w\" sizes=\"auto, (max-width: 432px) 100vw, 432px\" \/>\n\t<div class=\"reveal-box-top\">\n\t\t\t\t<div class=\"stage-top\">\n\t\t\t\t<\/div>\n\t<\/div>\n\n\t<div class=\"reveal-box-title\">\n\t\t\t<div class=\"h4\">\n<div class=\"stage-title\">\n\n\t\tBonus: Cungieri (1857m+)\n<\/div>\t\t\t<\/div>\n\t<\/div>\n\t<div class=\"reveal-box-subtitle button style-text with-arrow\">\nVoir le col\t<\/div>\n<\/a>\t\t\t\t\t<\/div>\n\t\t\t\t\t<div class=\"swiper-slide\">\n\n<a class=\"reveal-box mobile-always-hover\" href=\"https:\/\/extended.alpenbrevet.ch\/fr\/stage\/klausenpass\/\"\n>\n<img loading=\"lazy\" decoding=\"async\" width=\"432\" height=\"450\" src=\"https:\/\/extended.alpenbrevet.ch\/wp-content\/uploads\/Klausenpass-432x450.jpg\" class=\"attachment-stage-swiper size-stage-swiper wp-post-image\" alt=\"\" srcset=\"https:\/\/extended.alpenbrevet.ch\/wp-content\/uploads\/Klausenpass-432x450.jpg 432w, https:\/\/extended.alpenbrevet.ch\/wp-content\/uploads\/Klausenpass-864x900.jpg 864w\" sizes=\"auto, (max-width: 432px) 100vw, 432px\" \/>\n\t<div class=\"reveal-box-top\">\n\t\t\t\t<div class=\"stage-top\">\n\t\t\t\t<\/div>\n\t<\/div>\n\n\t<div class=\"reveal-box-title\">\n\t\t\t<div class=\"h4\">\n<div class=\"stage-title\">\n\n\t\tBonus: Klausenpass (1948m+)\n<\/div>\t\t\t<\/div>\n\t<\/div>\n\t<div class=\"reveal-box-subtitle button style-text with-arrow\">\nVoir le col\t<\/div>\n<\/a>\t\t\t\t\t<\/div>\n\t\t\t<\/div>\n\t\t\t<div class=\"swiper-pagination\"><\/div>\n\t\t<\/div>\n\t<\/div>\n<\/div><div class=\"hero-section hero-is-image hero-align-center hero-size-narrow\" style=\"--hero-image-full: url(&apos;https:\/\/extended.alpenbrevet.ch\/wp-content\/uploads\/9754_20230902_063722_309527159_original.jpg&apos;); --hero-image-aspect-ratio: 1.5003750937734; --hero-image-until-s: url(&apos;https:\/\/extended.alpenbrevet.ch\/wp-content\/uploads\/9754_20230902_063722_309527159_original-540x960.jpg&apos;); --hero-image-until-s-2x: url(&apos;https:\/\/extended.alpenbrevet.ch\/wp-content\/uploads\/9754_20230902_063722_309527159_original-1080x1920.jpg&apos;); --hero-image-until-sm: url(&apos;https:\/\/extended.alpenbrevet.ch\/wp-content\/uploads\/9754_20230902_063722_309527159_original.jpg&apos;); --hero-image-until-sm-2x: url(&apos;https:\/\/extended.alpenbrevet.ch\/wp-content\/uploads\/9754_20230902_063722_309527159_original.jpg&apos;); --hero-image-until-md: url(&apos;https:\/\/extended.alpenbrevet.ch\/wp-content\/uploads\/9754_20230902_063722_309527159_original-992x558.jpg&apos;); --hero-image-until-md-2x: url(&apos;https:\/\/extended.alpenbrevet.ch\/wp-content\/uploads\/9754_20230902_063722_309527159_original-1984x1116.jpg&apos;); --hero-image-until-lg: url(&apos;https:\/\/extended.alpenbrevet.ch\/wp-content\/uploads\/9754_20230902_063722_309527159_original-1200x675.jpg&apos;); --hero-image-until-lg-2x: url(&apos;https:\/\/extended.alpenbrevet.ch\/wp-content\/uploads\/9754_20230902_063722_309527159_original-2400x1350.jpg&apos;); --hero-image-until-xl: url(&apos;https:\/\/extended.alpenbrevet.ch\/wp-content\/uploads\/9754_20230902_063722_309527159_original-1425x802.jpg&apos;); --hero-image-until-xl-2x: url(&apos;https:\/\/extended.alpenbrevet.ch\/wp-content\/uploads\/9754_20230902_063722_309527159_original-2850x1604.jpg&apos;); --hero-image-position: 50% 50%\"\n>\n\t<div class=\"hero-media\">\n\t\t<div class=\"hero-media-overlay\"><\/div>\n\t\t<div class=\"hero-content-wrapper\">\n\t\t\t<div class=\"hero-content\">\n\t\t\t\t<h2>ANDERMATT, POINT DE D\u00c9PART DE VOS AVENTURES \u00c0 V\u00c9LO DE ROUTE<\/h2>\n\n\n<div class=\"buttons\">\n\t<div class=\"button-group\">\n\n\t\t\t<a\n\t\t\t\thref=\"https:\/\/extended.alpenbrevet.ch\/deine-homebase\/\" class=\"button style-default with-arrow\"\n\t\t\t>\n\t\t\t\tEn savoir plus\n\t\t\t<\/a>\n\t<\/div>\n<\/div>\n\t\t\t<\/div>\n\t\t<\/div>\n\t<\/div>\n<\/div><div  class=\"page-section style-default layout-default align-default\">\n\t<div class=\"section-grid grid-layout container\"><div  style=\"--grid-layout-index: 1\" class=\"section-item layout-default layout-margin-default\"><h2>Suggestions d&#8217;itin\u00e9raires<\/h2>\n<p><strong>Important !<\/strong> Tu peux emprunter tous les cols dans l&#8217;ordre que tu souhaites. Nous t&#8217;avons n\u00e9anmoins pr\u00e9par\u00e9 quelques suggestions d&#8217;itin\u00e9raires ci-dessous.<\/p>\n\n\n<div class=\"page-section style-default\">\n\t<div class=\"wpce-tabs tabs-container grid-layout\" id=\"tabs-c1abbc0b-546f-4d62-a119-b4d82934b2f6\" data-swiper-id=\"tabs-swiper-c1abbc0b-546f-4d62-a119-b4d82934b2f6\">\n\t\t<div class=\"tabs-nav-wrapper\">\n\t\t\t<nav class=\"tabs-nav\">\n\t\t\t\t<div class=\"tabs-nav-list picker\" role=\"tablist\">\n\n\n\t\t\t\t\t\t<button\n\t\t\t\t\t\t\trole=\"tab\"\n\t\t\t\t\t\t\tid=\"\"\n\t\t\t\t\t\t\taria-controls=\"tabs-panel-0c1abbc0b-546f-4d62-a119-b4d82934b2f6\"\n\t\t\t\t\t\t\taria-selected=\"true\"\n\t\t\t\t\t\t\ttabindex=\"0\"\n\t\t\t\t\t\t\tdata-index=\"0\"\n\t\t\t\t\t\t\tdata-ref=\"\" class=\"button with-dense-padding with-large-text tabs-nav-list-item style-default\"\n\t\t\t\t\t\t>\n\t\t\t\t\t\t\tSusten-Grimsel-Furka\n\t\t\t\t\t\t<\/button>\n\n\n\t\t\t\t\t\t<button\n\t\t\t\t\t\t\trole=\"tab\"\n\t\t\t\t\t\t\tid=\"\"\n\t\t\t\t\t\t\taria-controls=\"tabs-panel-1c1abbc0b-546f-4d62-a119-b4d82934b2f6\"\n\t\t\t\t\t\t\taria-selected=\"false\"\n\t\t\t\t\t\t\ttabindex=\"-1\"\n\t\t\t\t\t\t\tdata-index=\"1\"\n\t\t\t\t\t\t\tdata-ref=\"\" class=\"button with-dense-padding with-large-text tabs-nav-list-item style-text\"\n\t\t\t\t\t\t>\n\t\t\t\t\t\t\tAndermatt-Cungieri\n\t\t\t\t\t\t<\/button>\n\n\n\t\t\t\t\t\t<button\n\t\t\t\t\t\t\trole=\"tab\"\n\t\t\t\t\t\t\tid=\"\"\n\t\t\t\t\t\t\taria-controls=\"tabs-panel-2c1abbc0b-546f-4d62-a119-b4d82934b2f6\"\n\t\t\t\t\t\t\taria-selected=\"false\"\n\t\t\t\t\t\t\ttabindex=\"-1\"\n\t\t\t\t\t\t\tdata-index=\"2\"\n\t\t\t\t\t\t\tdata-ref=\"\" class=\"button with-dense-padding with-large-text tabs-nav-list-item style-text\"\n\t\t\t\t\t\t>\n\t\t\t\t\t\t\tFurka-Nufenen-Gotthard\n\t\t\t\t\t\t<\/button>\n\n\n\t\t\t\t\t\t<button\n\t\t\t\t\t\t\trole=\"tab\"\n\t\t\t\t\t\t\tid=\"\"\n\t\t\t\t\t\t\taria-controls=\"tabs-panel-3c1abbc0b-546f-4d62-a119-b4d82934b2f6\"\n\t\t\t\t\t\t\taria-selected=\"false\"\n\t\t\t\t\t\t\ttabindex=\"-1\"\n\t\t\t\t\t\t\tdata-index=\"3\"\n\t\t\t\t\t\t\tdata-ref=\"\" class=\"button with-dense-padding with-large-text tabs-nav-list-item style-text\"\n\t\t\t\t\t\t>\n\t\t\t\t\t\t\tGotthard-Lukmanier-Oberalp\n\t\t\t\t\t\t<\/button>\n\t\t\t\t<\/div>\n\t\t\t<\/nav>\n\t\t<\/div>\n\t\t<div class=\"swiper\" id=\"tabs-swiper-c1abbc0b-546f-4d62-a119-b4d82934b2f6\">\n\t\t\t<div class=\"tabs-inner swiper-wrapper\">\n\t\t\t\t\t<div\n\t\t\t\t\t\trole=\"tabpanel\"\n\t\t\t\t\t\tid=\"tabs-panel-0c1abbc0b-546f-4d62-a119-b4d82934b2f6\"\n\t\t\t\t\t\taria-labelledby=\"\" class=\"tab active swiper-slide\"\n\t\t\t\t\t>\n<iframe src=\"https:\/\/www.komoot.com\/de-de\/tour\/2052084225\/embed\" frameborder=\"0\" scrolling=\"no\" data-width=\"720\" data-height=\"600\" data-aspect=\"1.2\" style=\"max-width: 100%; max-height: 600px; width: 100%; height: 600px;\"><\/iframe>\n\n<div class=\"buttons\">\n\t<div class=\"button-group\">\n\n\t\t\t<a\n\t\t\t\thref=\"https:\/\/extended.alpenbrevet.ch\/wp-content\/uploads\/2025-02-12_2052084225_Susten-Grimsel-Furka.gpx\" class=\"button style-default with-arrow\"\n\t\t\t>\n\t\t\t\tGPX Download\n\t\t\t<\/a>\n\t<\/div>\n<\/div>\t\t\t\t\t<\/div>\n\t\t\t\t\t<div\n\t\t\t\t\t\trole=\"tabpanel\"\n\t\t\t\t\t\tid=\"tabs-panel-1c1abbc0b-546f-4d62-a119-b4d82934b2f6\"\n\t\t\t\t\t\taria-labelledby=\"\" class=\"tab swiper-slide\"\n\t\t\t\t\t>\n<iframe loading=\"lazy\" src=\"https:\/\/www.komoot.com\/tour\/2812665145\/embed?share_token=aRi2L56R7ilhWm9XhCyTjvpe9iJS5tpybgpnCGpqtNBxMigykI&#038;profile=1\" width=\"100%\" height=\"700\" frameborder=\"0\" scrolling=\"no\"><\/iframe>\n\n<div class=\"buttons\">\n\t<div class=\"button-group\">\n\n\t\t\t<a\n\t\t\t\thref=\"https:\/\/extended.alpenbrevet.ch\/wp-content\/uploads\/komoot_tour_2812665145.gpx\" class=\"button style-default with-arrow\"\n\t\t\t>\n\t\t\t\tGPX Download\n\t\t\t<\/a>\n\t<\/div>\n<\/div>\t\t\t\t\t<\/div>\n\t\t\t\t\t<div\n\t\t\t\t\t\trole=\"tabpanel\"\n\t\t\t\t\t\tid=\"tabs-panel-2c1abbc0b-546f-4d62-a119-b4d82934b2f6\"\n\t\t\t\t\t\taria-labelledby=\"\" class=\"tab swiper-slide\"\n\t\t\t\t\t>\n<iframe src=\"https:\/\/www.komoot.com\/de-de\/tour\/2052088647\/embed\" frameborder=\"0\" scrolling=\"no\" data-width=\"720\" data-height=\"600\" data-aspect=\"1.2\" style=\"max-width: 100%; max-height: 600px; width: 100%; height: 600px;\"><\/iframe>\n\n<div class=\"buttons\">\n\t<div class=\"button-group\">\n\n\t\t\t<a\n\t\t\t\thref=\"https:\/\/extended.alpenbrevet.ch\/wp-content\/uploads\/2025-02-12_2052088647_Gotthard-Furka-und-Nufenenpass.gpx\" class=\"button style-default with-arrow\"\n\t\t\t>\n\t\t\t\tGPX Download\n\t\t\t<\/a>\n\t<\/div>\n<\/div>\t\t\t\t\t<\/div>\n\t\t\t\t\t<div\n\t\t\t\t\t\trole=\"tabpanel\"\n\t\t\t\t\t\tid=\"tabs-panel-3c1abbc0b-546f-4d62-a119-b4d82934b2f6\"\n\t\t\t\t\t\taria-labelledby=\"\" class=\"tab swiper-slide\"\n\t\t\t\t\t>\n<iframe src=\"https:\/\/www.komoot.com\/de-de\/tour\/2052089364\/embed\" frameborder=\"0\" scrolling=\"no\" data-width=\"720\" data-height=\"600\" data-aspect=\"1.2\" style=\"max-width: 100%; max-height: 600px; width: 100%; height: 600px;\"><\/iframe>\n\n<div class=\"buttons\">\n\t<div class=\"button-group\">\n\n\t\t\t<a\n\t\t\t\thref=\"https:\/\/extended.alpenbrevet.ch\/wp-content\/uploads\/2025-02-12_2052089364_Lukmanier-Oberalp-und-Gotthardpass.gpx\" class=\"button style-default with-arrow\"\n\t\t\t>\n\t\t\t\tGPX Download\n\t\t\t<\/a>\n\t<\/div>\n<\/div>\t\t\t\t\t<\/div>\n\t\t\t<\/div>\n\t\t<\/div>\n\t<\/div>\n<\/div><\/div><\/div>\n<\/div>","protected":false},"excerpt":{"rendered":"<p>Alpenbrevet Extended Inscription Liste de d\u00e9part 2026 En route vers la l\u00e9gende Les inscriptions sont ouvertes d\u00e8s maintenant. Les cols alpins pourront \u00eatre parcourus \u00e0 partir du 1er mai, sous r\u00e9serve qu&#8217;ils soient ouverts. Entre mai et octobre, le d\u00e9fi ultime t\u2019attend : conquiers jusqu\u2019\u00e0 sept cols alpins l\u00e9gendaires autour d\u2019Andermatt, en solo ou entre [&hellip;]<\/p>\n","protected":false},"author":6,"featured_media":0,"parent":0,"menu_order":0,"comment_status":"closed","ping_status":"closed","template":"","meta":{"_acf_changed":false,"inline_featured_image":false,"footnotes":""},"class_list":["post-6552","page","type-page","status-publish","hentry"],"acf":[],"_links":{"self":[{"href":"https:\/\/extended.alpenbrevet.ch\/fr\/wp-json\/wp\/v2\/pages\/6552","targetHints":{"allow":["GET"]}}],"collection":[{"href":"https:\/\/extended.alpenbrevet.ch\/fr\/wp-json\/wp\/v2\/pages"}],"about":[{"href":"https:\/\/extended.alpenbrevet.ch\/fr\/wp-json\/wp\/v2\/types\/page"}],"author":[{"embeddable":true,"href":"https:\/\/extended.alpenbrevet.ch\/fr\/wp-json\/wp\/v2\/users\/6"}],"replies":[{"embeddable":true,"href":"https:\/\/extended.alpenbrevet.ch\/fr\/wp-json\/wp\/v2\/comments?post=6552"}],"version-history":[{"count":10,"href":"https:\/\/extended.alpenbrevet.ch\/fr\/wp-json\/wp\/v2\/pages\/6552\/revisions"}],"predecessor-version":[{"id":7010,"href":"https:\/\/extended.alpenbrevet.ch\/fr\/wp-json\/wp\/v2\/pages\/6552\/revisions\/7010"}],"wp:attachment":[{"href":"https:\/\/extended.alpenbrevet.ch\/fr\/wp-json\/wp\/v2\/media?parent=6552"}],"curies":[{"name":"wp","href":"https:\/\/api.w.org\/{rel}","templated":true}]}}