{"id":6633,"date":"2024-04-18T15:02:44","date_gmt":"2024-04-18T13:02:44","guid":{"rendered":"https:\/\/extended.alpenbrevet.ch\/?page_id=6633"},"modified":"2026-04-10T14:06:51","modified_gmt":"2026-04-10T12:06:51","slug":"faqs","status":"publish","type":"page","link":"https:\/\/extended.alpenbrevet.ch\/fr\/faqs\/","title":{"rendered":"FAQ&#8217;s"},"content":{"rendered":"<div class=\"hero-section hero-is-image hero-align-end hero-size-narrow\" style=\"--hero-image-full: url(&apos;https:\/\/extended.alpenbrevet.ch\/wp-content\/uploads\/2.jpg&apos;); --hero-image-aspect-ratio: 1.7777777777778; --hero-image-until-s: url(&apos;https:\/\/extended.alpenbrevet.ch\/wp-content\/uploads\/2.jpg&apos;); --hero-image-until-s-2x: url(&apos;https:\/\/extended.alpenbrevet.ch\/wp-content\/uploads\/2.jpg&apos;); --hero-image-until-sm: url(&apos;https:\/\/extended.alpenbrevet.ch\/wp-content\/uploads\/2.jpg&apos;); --hero-image-until-sm-2x: url(&apos;https:\/\/extended.alpenbrevet.ch\/wp-content\/uploads\/2.jpg&apos;); --hero-image-until-md: url(&apos;https:\/\/extended.alpenbrevet.ch\/wp-content\/uploads\/2-992x558.jpg&apos;); --hero-image-until-md-2x: url(&apos;https:\/\/extended.alpenbrevet.ch\/wp-content\/uploads\/2-1984x1116.jpg&apos;); --hero-image-until-lg: url(&apos;https:\/\/extended.alpenbrevet.ch\/wp-content\/uploads\/2-1200x675.jpg&apos;); --hero-image-until-lg-2x: url(&apos;https:\/\/extended.alpenbrevet.ch\/wp-content\/uploads\/2-2400x1350.jpg&apos;); --hero-image-until-xl: url(&apos;https:\/\/extended.alpenbrevet.ch\/wp-content\/uploads\/2-1425x802.jpg&apos;); --hero-image-until-xl-2x: url(&apos;https:\/\/extended.alpenbrevet.ch\/wp-content\/uploads\/2-2850x1604.jpg&apos;); --hero-image-position: 50% 50%\"\n>\n\t<div class=\"hero-media\">\n\t\t<div class=\"hero-media-overlay\"><\/div>\n\t\t<div class=\"hero-content-wrapper\">\n\t\t\t<div class=\"hero-content\">\n\t\t\t\t<h1>FAQ&#8217;s<\/h1>\n\n\t\t\t<\/div>\n\t\t<\/div>\n\t<\/div>\n<\/div><div  class=\"page-section style-default layout-default align-default\">\n\t<div class=\"section-grid grid-layout container\"><div  style=\"--grid-layout-index: 1\" class=\"section-item layout-default layout-margin-default\">\n\t\t<img loading=\"lazy\" decoding=\"async\" width=\"1024\" height=\"238\" src=\"https:\/\/extended.alpenbrevet.ch\/wp-content\/uploads\/Register-FR.svg\" class=\"wpce-image\" alt=\"Register FR\" data-css-locator=\"\" \/>\n\n<h2>QUESTIONS SUR SON FONCTIONNEMENT<\/h2>\n\n<div class=\"accordion-wrapper\">\n\t<div class=\"accordion-group\">\n\n\n\n\n<div class=\"wpce-accordion accordion\" id=\"combien-coute-la-participation\">\n\t<div class=\"accordion-heading-wrapper\" role=\"heading\" aria-level=\"3\">\n\t\t<button\n\t\t\ttype=\"button\"\n\t\t\tclass=\"accordion-heading\"\n\t\t\tid=\"accordion-header-59d46467-bb18-4179-92fa-ed5be6fddc41\"\n\t\t\taria-controls=\"accordion-content-59d46467-bb18-4179-92fa-ed5be6fddc41\"\n\t\t>\n\t\t\tCombien co\u00fbte la participation ?\n\n\t\t\t<div class=\"accordion-icon-wrapper toggle-wrapper\">\n\t\t\t\t<svg class=\"toggle-icon\" width=\"22\" height=\"22\" viewBox=\"0 0 22 22\" xmlns=\"http:\/\/www.w3.org\/2000\/svg\">\n\t\t\t\t\t<g fill=\"currentColor\" fill-rule=\"evenodd\">\n\t\t\t\t\t\t<rect y=\"10\" width=\"22\" height=\"2\"><\/rect>\n\t\t\t\t\t\t<polygon class=\"toggle-icon-vertical\" points=\"12 0 12 22 10 22 10 0\"><\/polygon>\n\t\t\t\t\t<\/g>\n\t\t\t\t<\/svg>\n\t\t\t<\/div>\n\t\t<\/button>\n\t<\/div>\n\t<div\n\t\tclass=\"accordion-inner\"\n\t\tid=\"accordion-content-59d46467-bb18-4179-92fa-ed5be6fddc41\"\n\t\trole=\"region\"\n\t\taria-labelledby=\"accordion-header-59d46467-bb18-4179-92fa-ed5be6fddc41\"\n\t>\n<p>La participation est gratuite. Vous pouvez participer num\u00e9riquement avec votre appareil de suivi ou votre compteur de v\u00e9lo (Garmin et\/ou Strava).<\/p>\n\t<\/div>\n<\/div>\n\n\n\n\n<div class=\"wpce-accordion accordion\" id=\"comment-puis-je-collecter-les-cols\">\n\t<div class=\"accordion-heading-wrapper\" role=\"heading\" aria-level=\"3\">\n\t\t<button\n\t\t\ttype=\"button\"\n\t\t\tclass=\"accordion-heading\"\n\t\t\tid=\"accordion-header-98c13797-5b5a-40c9-9967-8fffe7d24fe0\"\n\t\t\taria-controls=\"accordion-content-98c13797-5b5a-40c9-9967-8fffe7d24fe0\"\n\t\t>\n\t\t\tComment puis-je collecter les cols ?\n\n\t\t\t<div class=\"accordion-icon-wrapper toggle-wrapper\">\n\t\t\t\t<svg class=\"toggle-icon\" width=\"22\" height=\"22\" viewBox=\"0 0 22 22\" xmlns=\"http:\/\/www.w3.org\/2000\/svg\">\n\t\t\t\t\t<g fill=\"currentColor\" fill-rule=\"evenodd\">\n\t\t\t\t\t\t<rect y=\"10\" width=\"22\" height=\"2\"><\/rect>\n\t\t\t\t\t\t<polygon class=\"toggle-icon-vertical\" points=\"12 0 12 22 10 22 10 0\"><\/polygon>\n\t\t\t\t\t<\/g>\n\t\t\t\t<\/svg>\n\t\t\t<\/div>\n\t\t<\/button>\n\t<\/div>\n\t<div\n\t\tclass=\"accordion-inner\"\n\t\tid=\"accordion-content-98c13797-5b5a-40c9-9967-8fffe7d24fe0\"\n\t\trole=\"region\"\n\t\taria-labelledby=\"accordion-header-98c13797-5b5a-40c9-9967-8fffe7d24fe0\"\n\t>\n<p>Inscrivez-vous sur ce site et connectez votre plateforme sportive pr\u00e9f\u00e9r\u00e9e (Strava ou Garmin Connect). Enregistrez votre activit\u00e9 \u00e0 l&#8217;aide d&#8217;un appareil GPS ou d&#8217;une application (p. ex. Strava) et synchronisez-la avec la plateforme connect\u00e9e. Votre activit\u00e9 doit \u00eatre visible publiquement.<\/p>\n\t<\/div>\n<\/div>\n\n\n\n\n\n<div class=\"wpce-accordion accordion\" id=\"a-partir-de-quand-puis-je-commencer-a-collecter-les-cols\">\n\t<div class=\"accordion-heading-wrapper\" role=\"heading\" aria-level=\"3\">\n\t\t<button\n\t\t\ttype=\"button\"\n\t\t\tclass=\"accordion-heading\"\n\t\t\tid=\"accordion-header-b3dc0bac-9644-46db-a72b-931229a207dd\"\n\t\t\taria-controls=\"accordion-content-b3dc0bac-9644-46db-a72b-931229a207dd\"\n\t\t>\n\t\t\t\u00c0 partir de quand puis-je commencer \u00e0 collecter les cols ?\n\n\t\t\t<div class=\"accordion-icon-wrapper toggle-wrapper\">\n\t\t\t\t<svg class=\"toggle-icon\" width=\"22\" height=\"22\" viewBox=\"0 0 22 22\" xmlns=\"http:\/\/www.w3.org\/2000\/svg\">\n\t\t\t\t\t<g fill=\"currentColor\" fill-rule=\"evenodd\">\n\t\t\t\t\t\t<rect y=\"10\" width=\"22\" height=\"2\"><\/rect>\n\t\t\t\t\t\t<polygon class=\"toggle-icon-vertical\" points=\"12 0 12 22 10 22 10 0\"><\/polygon>\n\t\t\t\t\t<\/g>\n\t\t\t\t<\/svg>\n\t\t\t<\/div>\n\t\t<\/button>\n\t<\/div>\n\t<div\n\t\tclass=\"accordion-inner\"\n\t\tid=\"accordion-content-b3dc0bac-9644-46db-a72b-931229a207dd\"\n\t\trole=\"region\"\n\t\taria-labelledby=\"accordion-header-b3dc0bac-9644-46db-a72b-931229a207dd\"\n\t>\n<p>Les cols peuvent \u00eatre collect\u00e9s au plus t\u00f4t \u00e0 partir du 1er mai et apr\u00e8s leur ouverture officielle.<\/p>\n\t<\/div>\n<\/div>\n\n\n\n\n<div class=\"wpce-accordion accordion\" id=\"quels-cols-sont-ouverts\">\n\t<div class=\"accordion-heading-wrapper\" role=\"heading\" aria-level=\"3\">\n\t\t<button\n\t\t\ttype=\"button\"\n\t\t\tclass=\"accordion-heading\"\n\t\t\tid=\"accordion-header-50924f0d-04d5-40d9-9577-74b12b5a2ff4\"\n\t\t\taria-controls=\"accordion-content-50924f0d-04d5-40d9-9577-74b12b5a2ff4\"\n\t\t>\n\t\t\tQuels cols sont ouverts ?\n\n\t\t\t<div class=\"accordion-icon-wrapper toggle-wrapper\">\n\t\t\t\t<svg class=\"toggle-icon\" width=\"22\" height=\"22\" viewBox=\"0 0 22 22\" xmlns=\"http:\/\/www.w3.org\/2000\/svg\">\n\t\t\t\t\t<g fill=\"currentColor\" fill-rule=\"evenodd\">\n\t\t\t\t\t\t<rect y=\"10\" width=\"22\" height=\"2\"><\/rect>\n\t\t\t\t\t\t<polygon class=\"toggle-icon-vertical\" points=\"12 0 12 22 10 22 10 0\"><\/polygon>\n\t\t\t\t\t<\/g>\n\t\t\t\t<\/svg>\n\t\t\t<\/div>\n\t\t<\/button>\n\t<\/div>\n\t<div\n\t\tclass=\"accordion-inner\"\n\t\tid=\"accordion-content-50924f0d-04d5-40d9-9577-74b12b5a2ff4\"\n\t\trole=\"region\"\n\t\taria-labelledby=\"accordion-header-50924f0d-04d5-40d9-9577-74b12b5a2ff4\"\n\t>\n<p>Vous trouverez les dates d\u2019ouverture actuelles des cols sur <a href=\"https:\/\/www.alpen-paesse.ch\/\" target=\"_blank\" rel=\"noopener\">alpen-paesse.ch<\/a>.<\/p>\n\t<\/div>\n<\/div>\n\n\n\n\n<div class=\"wpce-accordion accordion\" id=\"comment-obtenir-des-badges-et-ou-sont-ils-visibles\">\n\t<div class=\"accordion-heading-wrapper\" role=\"heading\" aria-level=\"3\">\n\t\t<button\n\t\t\ttype=\"button\"\n\t\t\tclass=\"accordion-heading\"\n\t\t\tid=\"accordion-header-324c9c99-e0c8-4c89-bdad-6a40879651fa\"\n\t\t\taria-controls=\"accordion-content-324c9c99-e0c8-4c89-bdad-6a40879651fa\"\n\t\t>\n\t\t\tComment obtenir des badges et o\u00f9 sont-ils visibles ?\n\n\t\t\t<div class=\"accordion-icon-wrapper toggle-wrapper\">\n\t\t\t\t<svg class=\"toggle-icon\" width=\"22\" height=\"22\" viewBox=\"0 0 22 22\" xmlns=\"http:\/\/www.w3.org\/2000\/svg\">\n\t\t\t\t\t<g fill=\"currentColor\" fill-rule=\"evenodd\">\n\t\t\t\t\t\t<rect y=\"10\" width=\"22\" height=\"2\"><\/rect>\n\t\t\t\t\t\t<polygon class=\"toggle-icon-vertical\" points=\"12 0 12 22 10 22 10 0\"><\/polygon>\n\t\t\t\t\t<\/g>\n\t\t\t\t<\/svg>\n\t\t\t<\/div>\n\t\t<\/button>\n\t<\/div>\n\t<div\n\t\tclass=\"accordion-inner\"\n\t\tid=\"accordion-content-324c9c99-e0c8-4c89-bdad-6a40879651fa\"\n\t\trole=\"region\"\n\t\taria-labelledby=\"accordion-header-324c9c99-e0c8-4c89-bdad-6a40879651fa\"\n\t>\n<p>Vous recevez un badge pour chaque col effectu\u00e9, visible dans la liste des participants. \u00c0 partir de 3 badges, vous obtenez le statut Silbertour. \u00c0 partir de 5 cols, vous obtenez le statut Platintour et avec 7 cols, vous devenez une l\u00e9gende de l\u2019Alpenbrevet. Tous les cols peuvent \u00eatre parcourus dans les deux sens.<\/p>\n\t<\/div>\n<\/div>\n\n\n\n\n<div class=\"wpce-accordion accordion\" id=\"quels-cols-dois-je-parcourir-pour-devenir-une-legende\">\n\t<div class=\"accordion-heading-wrapper\" role=\"heading\" aria-level=\"3\">\n\t\t<button\n\t\t\ttype=\"button\"\n\t\t\tclass=\"accordion-heading\"\n\t\t\tid=\"accordion-header-0de27d27-35b9-45b4-aaa5-39d9cfe47a90\"\n\t\t\taria-controls=\"accordion-content-0de27d27-35b9-45b4-aaa5-39d9cfe47a90\"\n\t\t>\n\t\t\tQuels cols dois-je parcourir pour devenir une l\u00e9gende ?\n\n\t\t\t<div class=\"accordion-icon-wrapper toggle-wrapper\">\n\t\t\t\t<svg class=\"toggle-icon\" width=\"22\" height=\"22\" viewBox=\"0 0 22 22\" xmlns=\"http:\/\/www.w3.org\/2000\/svg\">\n\t\t\t\t\t<g fill=\"currentColor\" fill-rule=\"evenodd\">\n\t\t\t\t\t\t<rect y=\"10\" width=\"22\" height=\"2\"><\/rect>\n\t\t\t\t\t\t<polygon class=\"toggle-icon-vertical\" points=\"12 0 12 22 10 22 10 0\"><\/polygon>\n\t\t\t\t\t<\/g>\n\t\t\t\t<\/svg>\n\t\t\t<\/div>\n\t\t<\/button>\n\t<\/div>\n\t<div\n\t\tclass=\"accordion-inner\"\n\t\tid=\"accordion-content-0de27d27-35b9-45b4-aaa5-39d9cfe47a90\"\n\t\trole=\"region\"\n\t\taria-labelledby=\"accordion-header-0de27d27-35b9-45b4-aaa5-39d9cfe47a90\"\n\t>\n<p>Vous pouvez choisir parmi 7 cols Alpenbrevet et 2 checkpoints bonus (Cungieri Pass et Klausen Pass). Un checkpoint bonus peut remplacer un col Alpenbrevet classique.<\/p>\n\t<\/div>\n<\/div>\n\n\n\n\n<div class=\"wpce-accordion accordion\" id=\"est-ce-que-je-beneficie-egalement-de-la-reduction-de-35-sur-le-cuissard-fr-c-pro-avec-le-klausenpass\">\n\t<div class=\"accordion-heading-wrapper\" role=\"heading\" aria-level=\"3\">\n\t\t<button\n\t\t\ttype=\"button\"\n\t\t\tclass=\"accordion-heading\"\n\t\t\tid=\"accordion-header-4c9d548a-e4b2-416a-9669-042747168aef\"\n\t\t\taria-controls=\"accordion-content-4c9d548a-e4b2-416a-9669-042747168aef\"\n\t\t>\n\t\t\tEst-ce que je b\u00e9n\u00e9ficie \u00e9galement de la r\u00e9duction de 35 % sur le cuissard FR-C PRO avec le Klausenpass?\n\n\t\t\t<div class=\"accordion-icon-wrapper toggle-wrapper\">\n\t\t\t\t<svg class=\"toggle-icon\" width=\"22\" height=\"22\" viewBox=\"0 0 22 22\" xmlns=\"http:\/\/www.w3.org\/2000\/svg\">\n\t\t\t\t\t<g fill=\"currentColor\" fill-rule=\"evenodd\">\n\t\t\t\t\t\t<rect y=\"10\" width=\"22\" height=\"2\"><\/rect>\n\t\t\t\t\t\t<polygon class=\"toggle-icon-vertical\" points=\"12 0 12 22 10 22 10 0\"><\/polygon>\n\t\t\t\t\t<\/g>\n\t\t\t\t<\/svg>\n\t\t\t<\/div>\n\t\t<\/button>\n\t<\/div>\n\t<div\n\t\tclass=\"accordion-inner\"\n\t\tid=\"accordion-content-4c9d548a-e4b2-416a-9669-042747168aef\"\n\t\trole=\"region\"\n\t\taria-labelledby=\"accordion-header-4c9d548a-e4b2-416a-9669-042747168aef\"\n\t>\n<p>Non, vous devez franchir le Oberalp Pass pour d\u00e9bloquer cette r\u00e9duction.<\/p>\n\t<\/div>\n<\/div>\n\n\n\n\n<div class=\"wpce-accordion accordion\" id=\"tombola-tirage-au-sort\">\n\t<div class=\"accordion-heading-wrapper\" role=\"heading\" aria-level=\"3\">\n\t\t<button\n\t\t\ttype=\"button\"\n\t\t\tclass=\"accordion-heading\"\n\t\t\tid=\"accordion-header-004f9d1d-50c6-4b77-ab6c-904f5f143cdc\"\n\t\t\taria-controls=\"accordion-content-004f9d1d-50c6-4b77-ab6c-904f5f143cdc\"\n\t\t>\n\t\t\tTombola (tirage au sort)\n\n\t\t\t<div class=\"accordion-icon-wrapper toggle-wrapper\">\n\t\t\t\t<svg class=\"toggle-icon\" width=\"22\" height=\"22\" viewBox=\"0 0 22 22\" xmlns=\"http:\/\/www.w3.org\/2000\/svg\">\n\t\t\t\t\t<g fill=\"currentColor\" fill-rule=\"evenodd\">\n\t\t\t\t\t\t<rect y=\"10\" width=\"22\" height=\"2\"><\/rect>\n\t\t\t\t\t\t<polygon class=\"toggle-icon-vertical\" points=\"12 0 12 22 10 22 10 0\"><\/polygon>\n\t\t\t\t\t<\/g>\n\t\t\t\t<\/svg>\n\t\t\t<\/div>\n\t\t<\/button>\n\t<\/div>\n\t<div\n\t\tclass=\"accordion-inner\"\n\t\tid=\"accordion-content-004f9d1d-50c6-4b77-ab6c-904f5f143cdc\"\n\t\trole=\"region\"\n\t\taria-labelledby=\"accordion-header-004f9d1d-50c6-4b77-ab6c-904f5f143cdc\"\n\t>\n<p>Avec 3 badges (3 cols parcourus), vous participez automatiquement \u00e0 notre tirage au sort. Vous trouverez plus d\u2019informations sous \u00ab Rewards \u00bb. Avec 5 badges, vous recevez un goodie Alpenbrevet et avec 7 cols, vous recevez un dossard sp\u00e9cial en tant que l\u00e9gende de l\u2019Alpenbrevet.<\/p>\n\t<\/div>\n<\/div>\n\n\n\n\n<div class=\"wpce-accordion accordion\" id=\"mesure-du-parcours\">\n\t<div class=\"accordion-heading-wrapper\" role=\"heading\" aria-level=\"3\">\n\t\t<button\n\t\t\ttype=\"button\"\n\t\t\tclass=\"accordion-heading\"\n\t\t\tid=\"accordion-header-a2ad94c1-9c43-4459-88b0-42f7c8e6c187\"\n\t\t\taria-controls=\"accordion-content-a2ad94c1-9c43-4459-88b0-42f7c8e6c187\"\n\t\t>\n\t\t\tMesure du parcours\n\n\t\t\t<div class=\"accordion-icon-wrapper toggle-wrapper\">\n\t\t\t\t<svg class=\"toggle-icon\" width=\"22\" height=\"22\" viewBox=\"0 0 22 22\" xmlns=\"http:\/\/www.w3.org\/2000\/svg\">\n\t\t\t\t\t<g fill=\"currentColor\" fill-rule=\"evenodd\">\n\t\t\t\t\t\t<rect y=\"10\" width=\"22\" height=\"2\"><\/rect>\n\t\t\t\t\t\t<polygon class=\"toggle-icon-vertical\" points=\"12 0 12 22 10 22 10 0\"><\/polygon>\n\t\t\t\t\t<\/g>\n\t\t\t\t<\/svg>\n\t\t\t<\/div>\n\t\t<\/button>\n\t<\/div>\n\t<div\n\t\tclass=\"accordion-inner\"\n\t\tid=\"accordion-content-a2ad94c1-9c43-4459-88b0-42f7c8e6c187\"\n\t\trole=\"region\"\n\t\taria-labelledby=\"accordion-header-a2ad94c1-9c43-4459-88b0-42f7c8e6c187\"\n\t>\n<p>La mesure fonctionne par comparaison de votre parcours avec un fichier de r\u00e9f\u00e9rence GPX (GPX matching de LaceUp). Vos r\u00e9sultats sont automatiquement synchronis\u00e9s apr\u00e8s votre sortie. Pour \u00eatre pris en compte, l\u2019activit\u00e9 doit \u00eatre publique sur Strava et enregistr\u00e9e comme activit\u00e9 de v\u00e9lo de route ; les activit\u00e9s priv\u00e9es fonctionnent \u00e9galement avec Garmin Connect.<br \/>\nP\u00e9riode : les sorties sont prises en compte de l\u2019ouverture des cols jusqu\u2019\u00e0 leur fermeture. Les dates exactes seront communiqu\u00e9es au cours de l\u2019\u00e9t\u00e9.<\/p>\n\t<\/div>\n<\/div>\n\n\n\n\n<div class=\"wpce-accordion accordion\" id=\"swiss-cycling-alpenbrevet\">\n\t<div class=\"accordion-heading-wrapper\" role=\"heading\" aria-level=\"3\">\n\t\t<button\n\t\t\ttype=\"button\"\n\t\t\tclass=\"accordion-heading\"\n\t\t\tid=\"accordion-header-fd9e13ec-1978-4db8-ba2a-b4beec5ccd9d\"\n\t\t\taria-controls=\"accordion-content-fd9e13ec-1978-4db8-ba2a-b4beec5ccd9d\"\n\t\t>\n\t\t\tSwiss Cycling Alpenbrevet\n\n\t\t\t<div class=\"accordion-icon-wrapper toggle-wrapper\">\n\t\t\t\t<svg class=\"toggle-icon\" width=\"22\" height=\"22\" viewBox=\"0 0 22 22\" xmlns=\"http:\/\/www.w3.org\/2000\/svg\">\n\t\t\t\t\t<g fill=\"currentColor\" fill-rule=\"evenodd\">\n\t\t\t\t\t\t<rect y=\"10\" width=\"22\" height=\"2\"><\/rect>\n\t\t\t\t\t\t<polygon class=\"toggle-icon-vertical\" points=\"12 0 12 22 10 22 10 0\"><\/polygon>\n\t\t\t\t\t<\/g>\n\t\t\t\t<\/svg>\n\t\t\t<\/div>\n\t\t<\/button>\n\t<\/div>\n\t<div\n\t\tclass=\"accordion-inner\"\n\t\tid=\"accordion-content-fd9e13ec-1978-4db8-ba2a-b4beec5ccd9d\"\n\t\trole=\"region\"\n\t\taria-labelledby=\"accordion-header-fd9e13ec-1978-4db8-ba2a-b4beec5ccd9d\"\n\t>\n<p>Les cols parcourus lors de l\u2019\u00e9v\u00e9nement du 7 septembre ne font pas partie de l\u2019Alpenbrevet Extended. Ils ne peuvent donc pas \u00eatre comptabilis\u00e9s dans ce cadre.<\/p>\n\t<\/div>\n<\/div>\n\n\n\n\n<div class=\"wpce-accordion accordion\" id=\"problemes-techniques\">\n\t<div class=\"accordion-heading-wrapper\" role=\"heading\" aria-level=\"3\">\n\t\t<button\n\t\t\ttype=\"button\"\n\t\t\tclass=\"accordion-heading\"\n\t\t\tid=\"accordion-header-ddfca29c-e5bb-47c9-98a5-aa77870b466e\"\n\t\t\taria-controls=\"accordion-content-ddfca29c-e5bb-47c9-98a5-aa77870b466e\"\n\t\t>\n\t\t\tProbl\u00e8mes techniques\n\n\t\t\t<div class=\"accordion-icon-wrapper toggle-wrapper\">\n\t\t\t\t<svg class=\"toggle-icon\" width=\"22\" height=\"22\" viewBox=\"0 0 22 22\" xmlns=\"http:\/\/www.w3.org\/2000\/svg\">\n\t\t\t\t\t<g fill=\"currentColor\" fill-rule=\"evenodd\">\n\t\t\t\t\t\t<rect y=\"10\" width=\"22\" height=\"2\"><\/rect>\n\t\t\t\t\t\t<polygon class=\"toggle-icon-vertical\" points=\"12 0 12 22 10 22 10 0\"><\/polygon>\n\t\t\t\t\t<\/g>\n\t\t\t\t<\/svg>\n\t\t\t<\/div>\n\t\t<\/button>\n\t<\/div>\n\t<div\n\t\tclass=\"accordion-inner\"\n\t\tid=\"accordion-content-ddfca29c-e5bb-47c9-98a5-aa77870b466e\"\n\t\trole=\"region\"\n\t\taria-labelledby=\"accordion-header-ddfca29c-e5bb-47c9-98a5-aa77870b466e\"\n\t>\n<p>Si votre activit\u00e9 n\u2019est pas reconnue en raison d\u2019un probl\u00e8me technique, nous pouvons l\u2019ajouter manuellement. En cas d\u2019erreur de votre part (mauvais itin\u00e9raire, etc.), aucun ajout ne sera possible.<\/p>\n\t<\/div>\n<\/div>\n\n\n\n\n<div class=\"wpce-accordion accordion\" id=\"responsabilite\">\n\t<div class=\"accordion-heading-wrapper\" role=\"heading\" aria-level=\"3\">\n\t\t<button\n\t\t\ttype=\"button\"\n\t\t\tclass=\"accordion-heading\"\n\t\t\tid=\"accordion-header-aa986da7-1c6a-4e6f-aace-f81292432e2f\"\n\t\t\taria-controls=\"accordion-content-aa986da7-1c6a-4e6f-aace-f81292432e2f\"\n\t\t>\n\t\t\tResponsabilit\u00e9\n\n\t\t\t<div class=\"accordion-icon-wrapper toggle-wrapper\">\n\t\t\t\t<svg class=\"toggle-icon\" width=\"22\" height=\"22\" viewBox=\"0 0 22 22\" xmlns=\"http:\/\/www.w3.org\/2000\/svg\">\n\t\t\t\t\t<g fill=\"currentColor\" fill-rule=\"evenodd\">\n\t\t\t\t\t\t<rect y=\"10\" width=\"22\" height=\"2\"><\/rect>\n\t\t\t\t\t\t<polygon class=\"toggle-icon-vertical\" points=\"12 0 12 22 10 22 10 0\"><\/polygon>\n\t\t\t\t\t<\/g>\n\t\t\t\t<\/svg>\n\t\t\t<\/div>\n\t\t<\/button>\n\t<\/div>\n\t<div\n\t\tclass=\"accordion-inner\"\n\t\tid=\"accordion-content-aa986da7-1c6a-4e6f-aace-f81292432e2f\"\n\t\trole=\"region\"\n\t\taria-labelledby=\"accordion-header-aa986da7-1c6a-4e6f-aace-f81292432e2f\"\n\t>\n<p>Les participants sont responsables de parcourir les cols correctement.<\/p>\n\t<\/div>\n<\/div>\n\n\n\n\n<div class=\"wpce-accordion accordion\" id=\"comment-les-cols-sont-ils-reconnus\">\n\t<div class=\"accordion-heading-wrapper\" role=\"heading\" aria-level=\"3\">\n\t\t<button\n\t\t\ttype=\"button\"\n\t\t\tclass=\"accordion-heading\"\n\t\t\tid=\"accordion-header-bac7c792-c392-43ad-91ae-d56d90894fa7\"\n\t\t\taria-controls=\"accordion-content-bac7c792-c392-43ad-91ae-d56d90894fa7\"\n\t\t>\n\t\t\tComment les cols sont-ils reconnus ?\n\n\t\t\t<div class=\"accordion-icon-wrapper toggle-wrapper\">\n\t\t\t\t<svg class=\"toggle-icon\" width=\"22\" height=\"22\" viewBox=\"0 0 22 22\" xmlns=\"http:\/\/www.w3.org\/2000\/svg\">\n\t\t\t\t\t<g fill=\"currentColor\" fill-rule=\"evenodd\">\n\t\t\t\t\t\t<rect y=\"10\" width=\"22\" height=\"2\"><\/rect>\n\t\t\t\t\t\t<polygon class=\"toggle-icon-vertical\" points=\"12 0 12 22 10 22 10 0\"><\/polygon>\n\t\t\t\t\t<\/g>\n\t\t\t\t<\/svg>\n\t\t\t<\/div>\n\t\t<\/button>\n\t<\/div>\n\t<div\n\t\tclass=\"accordion-inner\"\n\t\tid=\"accordion-content-bac7c792-c392-43ad-91ae-d56d90894fa7\"\n\t\trole=\"region\"\n\t\taria-labelledby=\"accordion-header-bac7c792-c392-43ad-91ae-d56d90894fa7\"\n\t>\n<p>Apr\u00e8s l\u2019upload, votre activit\u00e9 est synchronis\u00e9e avec le syst\u00e8me LaceUp et compar\u00e9e aux trac\u00e9s de r\u00e9f\u00e9rence. Si un ou plusieurs cols sont d\u00e9tect\u00e9s, vous recevez un badge par col. Le temps n\u2019a aucune importance.<\/p>\n\t<\/div>\n<\/div>\n\n\n\n\n<div class=\"wpce-accordion accordion\" id=\"strava-ou-garmin-connect-sont-ils-payants\">\n\t<div class=\"accordion-heading-wrapper\" role=\"heading\" aria-level=\"3\">\n\t\t<button\n\t\t\ttype=\"button\"\n\t\t\tclass=\"accordion-heading\"\n\t\t\tid=\"accordion-header-9f1d5a83-967c-4dca-b238-53b01f3b1982\"\n\t\t\taria-controls=\"accordion-content-9f1d5a83-967c-4dca-b238-53b01f3b1982\"\n\t\t>\n\t\t\tStrava ou Garmin Connect sont-ils payants ?\n\n\t\t\t<div class=\"accordion-icon-wrapper toggle-wrapper\">\n\t\t\t\t<svg class=\"toggle-icon\" width=\"22\" height=\"22\" viewBox=\"0 0 22 22\" xmlns=\"http:\/\/www.w3.org\/2000\/svg\">\n\t\t\t\t\t<g fill=\"currentColor\" fill-rule=\"evenodd\">\n\t\t\t\t\t\t<rect y=\"10\" width=\"22\" height=\"2\"><\/rect>\n\t\t\t\t\t\t<polygon class=\"toggle-icon-vertical\" points=\"12 0 12 22 10 22 10 0\"><\/polygon>\n\t\t\t\t\t<\/g>\n\t\t\t\t<\/svg>\n\t\t\t<\/div>\n\t\t<\/button>\n\t<\/div>\n\t<div\n\t\tclass=\"accordion-inner\"\n\t\tid=\"accordion-content-9f1d5a83-967c-4dca-b238-53b01f3b1982\"\n\t\trole=\"region\"\n\t\taria-labelledby=\"accordion-header-9f1d5a83-967c-4dca-b238-53b01f3b1982\"\n\t>\n<p>Vous n\u2019avez pas besoin d\u2019un abonnement Strava payant. Garmin Connect est gratuit, mais n\u00e9cessite un appareil Garmin.<\/p>\n\t<\/div>\n<\/div>\n\n\n\n\n<div class=\"wpce-accordion accordion\" id=\"jai-parcouru-un-col-mais-il-na-pas-ete-comptabilise-que-faire\">\n\t<div class=\"accordion-heading-wrapper\" role=\"heading\" aria-level=\"3\">\n\t\t<button\n\t\t\ttype=\"button\"\n\t\t\tclass=\"accordion-heading\"\n\t\t\tid=\"accordion-header-40b99abe-5e64-4557-b080-8febb0f7b259\"\n\t\t\taria-controls=\"accordion-content-40b99abe-5e64-4557-b080-8febb0f7b259\"\n\t\t>\n\t\t\tJ\u2019ai parcouru un col, mais il n\u2019a pas \u00e9t\u00e9 comptabilis\u00e9. Que faire ?\n\n\t\t\t<div class=\"accordion-icon-wrapper toggle-wrapper\">\n\t\t\t\t<svg class=\"toggle-icon\" width=\"22\" height=\"22\" viewBox=\"0 0 22 22\" xmlns=\"http:\/\/www.w3.org\/2000\/svg\">\n\t\t\t\t\t<g fill=\"currentColor\" fill-rule=\"evenodd\">\n\t\t\t\t\t\t<rect y=\"10\" width=\"22\" height=\"2\"><\/rect>\n\t\t\t\t\t\t<polygon class=\"toggle-icon-vertical\" points=\"12 0 12 22 10 22 10 0\"><\/polygon>\n\t\t\t\t\t<\/g>\n\t\t\t\t<\/svg>\n\t\t\t<\/div>\n\t\t<\/button>\n\t<\/div>\n\t<div\n\t\tclass=\"accordion-inner\"\n\t\tid=\"accordion-content-40b99abe-5e64-4557-b080-8febb0f7b259\"\n\t\trole=\"region\"\n\t\taria-labelledby=\"accordion-header-40b99abe-5e64-4557-b080-8febb0f7b259\"\n\t>\n<p>a) V\u00e9rifiez que vous \u00eates connect\u00e9 \u00e0 Alpenbrevet Extended et que votre activit\u00e9 est publique sur Strava.<br \/>\nb) Cela ne fonctionne toujours pas ? <a href=\"https:\/\/forms.gle\/n21SwMQNG2GCMQNU9\" target=\"_blank\" rel=\"noopener\">Remplissez ce formulaire.<\/a><\/p>\n\t<\/div>\n<\/div>\n\n\n\n\n<div class=\"wpce-accordion accordion\" id=\"qui-est-derriere-ce-format\">\n\t<div class=\"accordion-heading-wrapper\" role=\"heading\" aria-level=\"3\">\n\t\t<button\n\t\t\ttype=\"button\"\n\t\t\tclass=\"accordion-heading\"\n\t\t\tid=\"accordion-header-73341d31-6016-40d4-81ff-35254e6a7f11\"\n\t\t\taria-controls=\"accordion-content-73341d31-6016-40d4-81ff-35254e6a7f11\"\n\t\t>\n\t\t\tQui est derri\u00e8re ce format ?\n\n\t\t\t<div class=\"accordion-icon-wrapper toggle-wrapper\">\n\t\t\t\t<svg class=\"toggle-icon\" width=\"22\" height=\"22\" viewBox=\"0 0 22 22\" xmlns=\"http:\/\/www.w3.org\/2000\/svg\">\n\t\t\t\t\t<g fill=\"currentColor\" fill-rule=\"evenodd\">\n\t\t\t\t\t\t<rect y=\"10\" width=\"22\" height=\"2\"><\/rect>\n\t\t\t\t\t\t<polygon class=\"toggle-icon-vertical\" points=\"12 0 12 22 10 22 10 0\"><\/polygon>\n\t\t\t\t\t<\/g>\n\t\t\t\t<\/svg>\n\t\t\t<\/div>\n\t\t<\/button>\n\t<\/div>\n\t<div\n\t\tclass=\"accordion-inner\"\n\t\tid=\"accordion-content-73341d31-6016-40d4-81ff-35254e6a7f11\"\n\t\trole=\"region\"\n\t\taria-labelledby=\"accordion-header-73341d31-6016-40d4-81ff-35254e6a7f11\"\n\t>\n<p>L\u2019Alpenbrevet Extended est une initiative du Swiss Cycling Alpenbrevet en collaboration avec Andermatt Swiss Alps, The Chedi, Radisson Blu Hotel Andermatt et Andermatt Alpine Apartments. R\u00e9alisation technique par LaceUp GmbH, Zurich.<\/p>\n\t<\/div>\n<\/div>\t<\/div>\n<\/div>\n\n<p>Les <a href=\"https:\/\/extended.alpenbrevet.ch\/fr\/teilnahmebedingungen\/\">conditions de participation<\/a> s&#8217;appliquent.<\/p>\n<\/div><\/div>\n<\/div>","protected":false},"excerpt":{"rendered":"<p>FAQ&#8217;s QUESTIONS SUR SON FONCTIONNEMENT Combien co\u00fbte la participation ? La participation est gratuite. Vous pouvez participer num\u00e9riquement avec votre appareil de suivi ou votre compteur de v\u00e9lo (Garmin et\/ou Strava). Comment puis-je collecter les cols ? Inscrivez-vous sur ce site et connectez votre plateforme sportive pr\u00e9f\u00e9r\u00e9e (Strava ou Garmin Connect). Enregistrez votre activit\u00e9 \u00e0 [&hellip;]<\/p>\n","protected":false},"author":6,"featured_media":0,"parent":0,"menu_order":0,"comment_status":"closed","ping_status":"closed","template":"","meta":{"_acf_changed":false,"inline_featured_image":false,"footnotes":""},"class_list":["post-6633","page","type-page","status-publish","hentry"],"acf":[],"_links":{"self":[{"href":"https:\/\/extended.alpenbrevet.ch\/fr\/wp-json\/wp\/v2\/pages\/6633","targetHints":{"allow":["GET"]}}],"collection":[{"href":"https:\/\/extended.alpenbrevet.ch\/fr\/wp-json\/wp\/v2\/pages"}],"about":[{"href":"https:\/\/extended.alpenbrevet.ch\/fr\/wp-json\/wp\/v2\/types\/page"}],"author":[{"embeddable":true,"href":"https:\/\/extended.alpenbrevet.ch\/fr\/wp-json\/wp\/v2\/users\/6"}],"replies":[{"embeddable":true,"href":"https:\/\/extended.alpenbrevet.ch\/fr\/wp-json\/wp\/v2\/comments?post=6633"}],"version-history":[{"count":5,"href":"https:\/\/extended.alpenbrevet.ch\/fr\/wp-json\/wp\/v2\/pages\/6633\/revisions"}],"predecessor-version":[{"id":6870,"href":"https:\/\/extended.alpenbrevet.ch\/fr\/wp-json\/wp\/v2\/pages\/6633\/revisions\/6870"}],"wp:attachment":[{"href":"https:\/\/extended.alpenbrevet.ch\/fr\/wp-json\/wp\/v2\/media?parent=6633"}],"curies":[{"name":"wp","href":"https:\/\/api.w.org\/{rel}","templated":true}]}}