{"id":6672,"date":"2022-08-02T14:08:06","date_gmt":"2022-08-02T12:08:06","guid":{"rendered":"https:\/\/extended.alpenbrevet.ch\/?page_id=6672"},"modified":"2025-12-12T15:51:29","modified_gmt":"2025-12-12T14:51:29","slug":"politique-de-confidentialite","status":"publish","type":"page","link":"https:\/\/extended.alpenbrevet.ch\/fr\/politique-de-confidentialite\/","title":{"rendered":"Politique de confidentialit\u00e9"},"content":{"rendered":"<div  class=\"page-section style-default layout-default align-default\">\n\t<div class=\"section-grid grid-layout container\"><div  style=\"--grid-layout-index: 1; --col-xs: 12; --col-sm: 12; --col-md: 12; --col-lg: 12; --col-xl: 12\" class=\"section-item layout-default layout-margin-default\"><h1 class=\"entry-title main_title\">Politique de confidentialit\u00e9 (UE)<\/h1>\n\n<p>La pr\u00e9sente politique de confidentialit\u00e9 s\u2019applique \u00e0 la participation \u00e0 l\u2019\u00e9v\u00e9nement Alpenbrevet Extended organis\u00e9 par Cycling Unlimited AG (ci-apr\u00e8s l\u2019\u00ab organisateur \u00bb).<\/p>\n<p><strong>Responsable du traitement<\/strong><\/p>\n<p>Cycling Unlimited AG<br \/>\nRotbuchstrasse 46<br \/>\n8037 Zurich<br \/>\nE-mail : <a href=\"mailto:info@alpenbrevet.ch\">info@alpenbrevet.ch<\/a><\/p>\n<p><strong>Donn\u00e9es personnelles trait\u00e9es dans le cadre de l\u2019organisation de l\u2019\u00e9v\u00e9nement<\/strong><\/p>\n<p>(1) Lors de l\u2019inscription, des donn\u00e9es personnelles des participants sont collect\u00e9es (nom, pr\u00e9nom, sexe, adresse e-mail, num\u00e9ro de t\u00e9l\u00e9phone, code postal du lieu de r\u00e9sidence et, le cas \u00e9ch\u00e9ant, d\u2019autres informations). Ces donn\u00e9es sont utilis\u00e9es pour la gestion de la participation \u00e0 l\u2019\u00e9v\u00e9nement.<\/p>\n<p>(2) Si des donn\u00e9es suppl\u00e9mentaires sont fournies pour la facturation de la participation, celles-ci sont trait\u00e9es exclusivement \u00e0 des fins de facturation et ne sont pas transmises \u00e0 des tiers.<\/p>\n<p>(3) \u00c0 l\u2019issue de l\u2019\u00e9v\u00e9nement, l\u2019organisateur publiera les noms des participants sur une liste de participants sous forme imprim\u00e9e et \u00e9lectronique.<\/p>\n<p>(4) Les donn\u00e9es personnelles enregistr\u00e9es conform\u00e9ment au point (1) peuvent \u00eatre transmises \u00e0 un prestataire de services commercial afin de mettre des vid\u00e9os\/photos \u00e0 disposition des participants. En s\u2019inscrivant, le participant consent \u00e0 l\u2019enregistrement et \u00e0 la transmission de ses donn\u00e9es \u00e0 cette fin.<\/p>\n<p>(5) Dans le cadre de la participation aux \u00e9v\u00e9nements, certaines donn\u00e9es personnelles peuvent \u00eatre transmises, dans une mesure variable et sous certaines conditions, aux sponsors de l\u2019\u00e9v\u00e9nement \u00e0 des fins de marketing (actuellement notamment \u00e0 Andermatt Swiss Alps, Radisson Blu Hotel Reussen, The Chedi Andermatt et Alpine Apartments Andermatt). Cette transmission s\u2019effectue dans le cadre de l\u2019ex\u00e9cution de nos contrats de sponsoring et dans l\u2019int\u00e9r\u00eat des participants, afin de financer nos \u00e9v\u00e9nements de mani\u00e8re appropri\u00e9e et durable. Veuillez nous informer si vous ne souhaitez pas cette transmission (<a href=\"mailto:info@alpenbrevet.ch\">info@alpenbrevet.ch<\/a>).<\/p>\n<p>(5) Les photos, enregistrements vid\u00e9o et interviews r\u00e9alis\u00e9s dans le cadre de la participation \u00e0 l\u2019\u00e9v\u00e9nement et repr\u00e9sentant le participant, les \u00e9quipes et les partenaires peuvent \u00eatre diffus\u00e9s et publi\u00e9s par l\u2019organisateur et les partenaires (sponsors) de l\u2019\u00e9v\u00e9nement \u00e0 des fins de presse, de relations publiques, de publicit\u00e9 ainsi qu\u2019\u00e0 des fins commerciales, sans droit \u00e0 r\u00e9mun\u00e9ration.<\/p>\n<p><strong>Finalit\u00e9s du traitement de vos donn\u00e9es personnelles<\/strong><\/p>\n<p>Nous traitons vos donn\u00e9es personnelles principalement pour l\u2019organisation et la gestion de nos \u00e9v\u00e9nements ainsi que pour fournir, documenter et facturer nos prestations conform\u00e9ment \u00e0 nos obligations contractuelles et l\u00e9gales.<\/p>\n<p>En outre, nous traitons vos donn\u00e9es personnelles aux fins suivantes :<\/p>\n<ul>\n<li>R\u00e9pondre \u00e0 vos demandes et communiquer avec vous ;<\/li>\n<li>Fournir, analyser et optimiser l\u2019utilisation du site Internet ;<\/li>\n<li>Marketing et publicit\u00e9 ;<\/li>\n<li>Information sur les nouveaut\u00e9s et les nouveaux services ;<\/li>\n<li>Organisation d\u2019\u00e9v\u00e9nements, de concours et de tirages au sort auxquels vous participez ;<\/li>\n<li>Respect des obligations l\u00e9gales ; et<\/li>\n<li>Exercice et d\u00e9fense de droits en justice.<\/li>\n<\/ul>\n<p>Nous disposons d\u2019un int\u00e9r\u00eat l\u00e9gitime correspondant aux finalit\u00e9s mentionn\u00e9es pour le traitement de vos donn\u00e9es personnelles. Certains traitements sont \u00e9galement n\u00e9cessaires afin de remplir nos obligations contractuelles \u00e0 votre \u00e9gard ou nos obligations l\u00e9gales (par exemple les obligations de conservation).<\/p>\n<p><strong>Stockage et protection de vos donn\u00e9es personnelles<\/strong><\/p>\n<p>Nous conservons vos donn\u00e9es personnelles uniquement dans la mesure et pendant la dur\u00e9e n\u00e9cessaires \u00e0 la r\u00e9alisation des finalit\u00e9s d\u00e9crites dans la pr\u00e9sente politique de confidentialit\u00e9 ou au respect des obligations l\u00e9gales.<\/p>\n<p>Afin de garantir l\u2019int\u00e9grit\u00e9 et la confidentialit\u00e9 des donn\u00e9es personnelles, nous mettons en \u0153uvre des mesures techniques et organisationnelles appropri\u00e9es. Sur la base de notre \u00e9valuation des risques, nous appliquons notamment des contr\u00f4les d\u2019acc\u00e8s, des contr\u00f4les d\u2019autorisation ainsi que des proc\u00e9dures de v\u00e9rification, d\u2019\u00e9valuation et d\u2019appr\u00e9ciation r\u00e9guli\u00e8res de l\u2019efficacit\u00e9 de ces mesures.<\/p>\n<p><strong>Lieu du traitement<\/strong><\/p>\n<p>Nous stockons et traitons vos donn\u00e9es personnelles principalement en Suisse et dans l\u2019Union europ\u00e9enne. Toutefois, nous pouvons \u00e9galement transmettre vos donn\u00e9es personnelles \u00e0 des destinataires situ\u00e9s dans des pays en dehors de la Suisse ou de l\u2019Union europ\u00e9enne (dans le monde entier). Les transferts de donn\u00e9es vers des pays ne disposant pas d\u2019un niveau de protection ad\u00e9quat sont effectu\u00e9s sur la base de clauses contractuelles types ou d\u2019exceptions l\u00e9gales (par exemple lorsque le transfert est n\u00e9cessaire \u00e0 l\u2019ex\u00e9cution du contrat).<\/p>\n\n\n<div class=\"buttons\">\n\t<div class=\"button-group\">\n\n\t\t\t<a\n\t\t\t\thref=\"#consent-manager\" class=\"button style-default with-arrow\"\n\t\t\t>\n\t\t\t\tParam\u00e8tres de confidentialit\u00e9\n\t\t\t<\/a>\n\t<\/div>\n<\/div><\/div><\/div>\n<\/div>","protected":false},"excerpt":{"rendered":"<p>Politique de confidentialit\u00e9 (UE) La pr\u00e9sente politique de confidentialit\u00e9 s\u2019applique \u00e0 la participation \u00e0 l\u2019\u00e9v\u00e9nement Alpenbrevet Extended organis\u00e9 par Cycling Unlimited AG (ci-apr\u00e8s l\u2019\u00ab organisateur \u00bb). Responsable du traitement Cycling Unlimited AG Rotbuchstrasse 46 8037 Zurich E-mail : info@alpenbrevet.ch Donn\u00e9es personnelles trait\u00e9es dans le cadre de l\u2019organisation de l\u2019\u00e9v\u00e9nement (1) Lors de l\u2019inscription, des donn\u00e9es [&hellip;]<\/p>\n","protected":false},"author":6,"featured_media":0,"parent":0,"menu_order":0,"comment_status":"closed","ping_status":"closed","template":"","meta":{"_acf_changed":false,"inline_featured_image":false,"footnotes":""},"class_list":["post-6672","page","type-page","status-publish","hentry"],"acf":[],"_links":{"self":[{"href":"https:\/\/extended.alpenbrevet.ch\/fr\/wp-json\/wp\/v2\/pages\/6672","targetHints":{"allow":["GET"]}}],"collection":[{"href":"https:\/\/extended.alpenbrevet.ch\/fr\/wp-json\/wp\/v2\/pages"}],"about":[{"href":"https:\/\/extended.alpenbrevet.ch\/fr\/wp-json\/wp\/v2\/types\/page"}],"author":[{"embeddable":true,"href":"https:\/\/extended.alpenbrevet.ch\/fr\/wp-json\/wp\/v2\/users\/6"}],"replies":[{"embeddable":true,"href":"https:\/\/extended.alpenbrevet.ch\/fr\/wp-json\/wp\/v2\/comments?post=6672"}],"version-history":[{"count":1,"href":"https:\/\/extended.alpenbrevet.ch\/fr\/wp-json\/wp\/v2\/pages\/6672\/revisions"}],"predecessor-version":[{"id":6673,"href":"https:\/\/extended.alpenbrevet.ch\/fr\/wp-json\/wp\/v2\/pages\/6672\/revisions\/6673"}],"wp:attachment":[{"href":"https:\/\/extended.alpenbrevet.ch\/fr\/wp-json\/wp\/v2\/media?parent=6672"}],"curies":[{"name":"wp","href":"https:\/\/api.w.org\/{rel}","templated":true}]}}